{"id":4706,"date":"2025-01-30T15:27:18","date_gmt":"2025-01-30T21:27:18","guid":{"rendered":"https:\/\/centrodeamistad.org\/?page_id=4706"},"modified":"2026-03-11T17:40:46","modified_gmt":"2026-03-11T22:40:46","slug":"pastor","status":"publish","type":"page","link":"https:\/\/centrodeamistad.org\/en\/sobre-nosotros\/pastor\/","title":{"rendered":"Meet our Pastor"},"content":{"rendered":"<div data-elementor-type=\"wp-page\" data-elementor-id=\"4706\" class=\"elementor elementor-4706\">\n\t\t\t\t<div class=\"elementor-element elementor-element-4798e0df e-flex e-con-boxed e-con e-parent\" data-id=\"4798e0df\" data-element_type=\"container\" data-e-type=\"container\" data-settings=\"{&quot;background_background&quot;:&quot;classic&quot;}\">\n\t\t\t\t\t<div class=\"e-con-inner\">\n\t\t<div class=\"elementor-element elementor-element-67ee65e4 e-con-full e-flex e-con e-child\" data-id=\"67ee65e4\" data-element_type=\"container\" data-e-type=\"container\">\n\t\t\t\t<div class=\"elementor-element elementor-element-2927971d elementor-widget elementor-widget-heading\" data-id=\"2927971d\" data-element_type=\"widget\" data-e-type=\"widget\" data-widget_type=\"heading.default\">\n\t\t\t\t<div class=\"elementor-widget-container\">\n\t\t\t\t\t<h1 class=\"elementor-heading-title elementor-size-default\">LEADING WITH FAITH, LOVE AND PURPOSE<\/h1>\t\t\t\t<\/div>\n\t\t\t\t<\/div>\n\t\t\t\t<div class=\"elementor-element elementor-element-25e1516c elementor-widget__width-initial elementor-widget elementor-widget-heading\" data-id=\"25e1516c\" data-element_type=\"widget\" data-e-type=\"widget\" data-widget_type=\"heading.default\">\n\t\t\t\t<div class=\"elementor-widget-container\">\n\t\t\t\t\t<h4 class=\"elementor-heading-title elementor-size-default\">Meet our pastor, a dedicated leader with a heart for God, a passion for his people, and a vision to inspire transformation.<\/h4>\t\t\t\t<\/div>\n\t\t\t\t<\/div>\n\t\t\t\t<\/div>\n\t\t\t\t\t<\/div>\n\t\t\t\t<\/div>\n\t\t<div class=\"elementor-element elementor-element-38b5625 e-flex e-con-boxed e-con e-parent\" data-id=\"38b5625\" data-element_type=\"container\" data-e-type=\"container\">\n\t\t\t\t\t<div class=\"e-con-inner\">\n\t\t\t\t<div class=\"elementor-element elementor-element-0429cf4 elementor-widget elementor-widget-spacer\" data-id=\"0429cf4\" data-element_type=\"widget\" data-e-type=\"widget\" data-widget_type=\"spacer.default\">\n\t\t\t\t<div class=\"elementor-widget-container\">\n\t\t\t\t\t\t\t<div class=\"elementor-spacer\">\n\t\t\t<div class=\"elementor-spacer-inner\"><\/div>\n\t\t<\/div>\n\t\t\t\t\t\t<\/div>\n\t\t\t\t<\/div>\n\t\t\t\t\t<\/div>\n\t\t\t\t<\/div>\n\t\t<div class=\"elementor-element elementor-element-0f37040 e-flex e-con-boxed e-con e-parent\" data-id=\"0f37040\" data-element_type=\"container\" data-e-type=\"container\">\n\t\t\t\t\t<div class=\"e-con-inner\">\n\t\t<div class=\"elementor-element elementor-element-462b906 e-con-full e-flex e-con e-child\" data-id=\"462b906\" data-element_type=\"container\" data-e-type=\"container\">\n\t\t\t\t<div class=\"elementor-element elementor-element-ba98611 elementor-widget elementor-widget-heading\" data-id=\"ba98611\" data-element_type=\"widget\" data-e-type=\"widget\" data-widget_type=\"heading.default\">\n\t\t\t\t<div class=\"elementor-widget-container\">\n\t\t\t\t\t<h3 class=\"elementor-heading-title elementor-size-default\">Our Pastor<\/h3>\t\t\t\t<\/div>\n\t\t\t\t<\/div>\n\t\t\t\t<div class=\"elementor-element elementor-element-aebd52d elementor-widget elementor-widget-heading\" data-id=\"aebd52d\" data-element_type=\"widget\" data-e-type=\"widget\" data-widget_type=\"heading.default\">\n\t\t\t\t<div class=\"elementor-widget-container\">\n\t\t\t\t\t<h2 class=\"elementor-heading-title elementor-size-default\">Elias Samano Jr.<\/h2>\t\t\t\t<\/div>\n\t\t\t\t<\/div>\n\t\t\t\t<div class=\"elementor-element elementor-element-b83c172 elementor-widget elementor-widget-text-editor\" data-id=\"b83c172\" data-element_type=\"widget\" data-e-type=\"widget\" data-widget_type=\"text-editor.default\">\n\t\t\t\t<div class=\"elementor-widget-container\">\n\t\t\t\t\t\t\t\t\t<p><img fetchpriority=\"high\" decoding=\"async\" data-attachment-id=\"5169\" data-permalink=\"https:\/\/centrodeamistad.org\/en\/sobre-nosotros\/pastor\/pastor-samano\/\" data-orig-file=\"https:\/\/i0.wp.com\/centrodeamistad.org\/wp-content\/uploads\/2025\/02\/pastor-samano.jpg?fit=1440%2C1433&amp;ssl=1\" data-orig-size=\"1440,1433\" data-comments-opened=\"1\" data-image-meta=\"{&quot;aperture&quot;:&quot;0&quot;,&quot;credit&quot;:&quot;&quot;,&quot;camera&quot;:&quot;&quot;,&quot;caption&quot;:&quot;&quot;,&quot;created_timestamp&quot;:&quot;0&quot;,&quot;copyright&quot;:&quot;&quot;,&quot;focal_length&quot;:&quot;0&quot;,&quot;iso&quot;:&quot;0&quot;,&quot;shutter_speed&quot;:&quot;0&quot;,&quot;title&quot;:&quot;&quot;,&quot;orientation&quot;:&quot;0&quot;}\" data-image-title=\"pastor-samano\" data-image-description=\"\" data-image-caption=\"\" data-large-file=\"https:\/\/i0.wp.com\/centrodeamistad.org\/wp-content\/uploads\/2025\/02\/pastor-samano.jpg?fit=1024%2C1019&amp;ssl=1\" data-recalc-dims=\"1\" class=\"alignright wp-image-5169\" src=\"https:\/\/i0.wp.com\/centrodeamistad.org\/wp-content\/uploads\/2025\/02\/pastor-samano.jpg?resize=414%2C412&#038;ssl=1\" alt=\"\" width=\"414\" height=\"412\" srcset=\"https:\/\/i0.wp.com\/centrodeamistad.org\/wp-content\/uploads\/2025\/02\/pastor-samano.jpg?w=1440&amp;ssl=1 1440w, https:\/\/i0.wp.com\/centrodeamistad.org\/wp-content\/uploads\/2025\/02\/pastor-samano.jpg?resize=300%2C300&amp;ssl=1 300w, https:\/\/i0.wp.com\/centrodeamistad.org\/wp-content\/uploads\/2025\/02\/pastor-samano.jpg?resize=1024%2C1019&amp;ssl=1 1024w, https:\/\/i0.wp.com\/centrodeamistad.org\/wp-content\/uploads\/2025\/02\/pastor-samano.jpg?resize=150%2C150&amp;ssl=1 150w, https:\/\/i0.wp.com\/centrodeamistad.org\/wp-content\/uploads\/2025\/02\/pastor-samano.jpg?resize=768%2C764&amp;ssl=1 768w\" sizes=\"(max-width: 414px) 100vw, 414px\" \/><\/p><p>Pastor Elias Samano Jr. currently pastors Centro de Amistad Cristiana of the Apostolic Assembly. He was born in Fresno, California, on November 22, 1983.<\/p><p>Elias was inspired to preach the gospel at an early age and was baptized in the name of Jesus Christ on March 3, 1996. In 2004, he felt a strong calling to attend Christian Life College in Stockton, CA. He received his ministerial ordination at the Southern California District Convention on October 19, 2007. He served as Youth Pastor, Evangelism Director, and Associate Pastor at Iglesia Roca Fuerte in Escondido, California, where he began his preaching ministry.<\/p><p>In 2012, Elias was appointed pastor of the church in Sleepy Eye, Minnesota, under the National Missions Department of the Apostolic Assembly. In 2014, he took the pastorate of the mission in Sioux City, Iowa, now known as Centro de Amistad Cristiana. Under his leadership, the congregation has experienced steady growth, and in 2018, the church purchased its own building.<\/p><p>He has served as Secretary of the Mid-America North Region under National Missions and currently serves as the Regional Elder of the Mid-America North Region under National Missions of the Apostolic Assembly of the Faith in Christ Jesus, Inc.<\/p><p>Elias is also part of the Clinical Pastoral Education (CPE) program at St. Luke\u2019s College and serves as the Director of the Pastoral Care Department for UnityPoint Health \u2013 St. Luke\u2019s Hospital in Sioux City, Iowa.<\/p><p>He holds a Bachelor of Science in Medical Administration from Bellevue University and is currently pursuing a Master of Divinity degree from Robert T. Cooley Theological Seminary.<\/p>\t\t\t\t\t\t\t\t<\/div>\n\t\t\t\t<\/div>\n\t\t\t\t<div class=\"elementor-element elementor-element-82846fa elementor-widget elementor-widget-button\" data-id=\"82846fa\" data-element_type=\"widget\" data-e-type=\"widget\" data-widget_type=\"button.default\">\n\t\t\t\t<div class=\"elementor-widget-container\">\n\t\t\t\t\t\t\t\t\t<div class=\"elementor-button-wrapper\">\n\t\t\t\t\t<a class=\"elementor-button elementor-button-link elementor-size-sm\" href=\"https:\/\/centrodeamistad.org\/en\/contactanos\/\">\n\t\t\t\t\t\t<span class=\"elementor-button-content-wrapper\">\n\t\t\t\t\t\t\t\t\t<span class=\"elementor-button-text\">Connect with our Pastor<\/span>\n\t\t\t\t\t<\/span>\n\t\t\t\t\t<\/a>\n\t\t\t\t<\/div>\n\t\t\t\t\t\t\t\t<\/div>\n\t\t\t\t<\/div>\n\t\t\t\t<\/div>\n\t\t\t\t\t<\/div>\n\t\t\t\t<\/div>\n\t\t<div class=\"elementor-element elementor-element-3bfa6a3 e-flex e-con-boxed e-con e-parent\" data-id=\"3bfa6a3\" data-element_type=\"container\" data-e-type=\"container\">\n\t\t\t\t\t<div class=\"e-con-inner\">\n\t\t<div class=\"elementor-element elementor-element-e6a8fe4 e-con-full e-flex e-con e-child\" data-id=\"e6a8fe4\" data-element_type=\"container\" data-e-type=\"container\">\n\t\t\t\t<div class=\"elementor-element elementor-element-e4b4567 elementor-widget elementor-widget-heading\" data-id=\"e4b4567\" data-element_type=\"widget\" data-e-type=\"widget\" data-widget_type=\"heading.default\">\n\t\t\t\t<div class=\"elementor-widget-container\">\n\t\t\t\t\t<h3 class=\"elementor-heading-title elementor-size-default\">About our Pastor<\/h3>\t\t\t\t<\/div>\n\t\t\t\t<\/div>\n\t\t\t\t<div class=\"elementor-element elementor-element-08b4e41 elementor-widget elementor-widget-heading\" data-id=\"08b4e41\" data-element_type=\"widget\" data-e-type=\"widget\" data-widget_type=\"heading.default\">\n\t\t\t\t<div class=\"elementor-widget-container\">\n\t\t\t\t\t<h2 class=\"elementor-heading-title elementor-size-default\">A Heart for Ministry<\/h2>\t\t\t\t<\/div>\n\t\t\t\t<\/div>\n\t\t\t\t<div class=\"elementor-element elementor-element-c620a05 elementor-widget elementor-widget-text-editor\" data-id=\"c620a05\" data-element_type=\"widget\" data-e-type=\"widget\" data-widget_type=\"text-editor.default\">\n\t\t\t\t<div class=\"elementor-widget-container\">\n\t\t\t\t\t\t\t\t\t<p>With a heart for worship, prayer, and community impact, Pastor Elias Samano is dedicated to:<\/p>\t\t\t\t\t\t\t\t<\/div>\n\t\t\t\t<\/div>\n\t\t\t\t<\/div>\n\t\t\t\t\t<\/div>\n\t\t\t\t<\/div>\n\t\t<div class=\"elementor-element elementor-element-3b8230d7 e-flex e-con-boxed e-con e-parent\" data-id=\"3b8230d7\" data-element_type=\"container\" data-e-type=\"container\">\n\t\t\t\t\t<div class=\"e-con-inner\">\n\t\t<div class=\"elementor-element elementor-element-78ca7650 e-con-full e-flex e-con e-child\" data-id=\"78ca7650\" data-element_type=\"container\" data-e-type=\"container\">\n\t\t\t\t<div class=\"elementor-element elementor-element-1e7f0527 elementor-position-inline-start elementor-widget__width-initial elementor-mobile-position-inline-start elementor-view-default elementor-widget elementor-widget-icon-box\" data-id=\"1e7f0527\" data-element_type=\"widget\" data-e-type=\"widget\" data-widget_type=\"icon-box.default\">\n\t\t\t\t<div class=\"elementor-widget-container\">\n\t\t\t\t\t\t\t<div class=\"elementor-icon-box-wrapper\">\n\n\t\t\t\t\t\t<div class=\"elementor-icon-box-icon\">\n\t\t\t\t<span  class=\"elementor-icon\">\n\t\t\t\t<svg aria-hidden=\"true\" class=\"e-font-icon-svg e-fas-check-circle\" viewbox=\"0 0 512 512\" xmlns=\"http:\/\/www.w3.org\/2000\/svg\"><path d=\"M504 256c0 136.967-111.033 248-248 248S8 392.967 8 256 119.033 8 256 8s248 111.033 248 248zM227.314 387.314l184-184c6.248-6.248 6.248-16.379 0-22.627l-22.627-22.627c-6.248-6.249-16.379-6.249-22.628 0L216 308.118l-70.059-70.059c-6.248-6.248-16.379-6.248-22.628 0l-22.627 22.627c-6.248 6.248-6.248 16.379 0 22.627l104 104c6.249 6.249 16.379 6.249 22.628.001z\"><\/path><\/svg>\t\t\t\t<\/span>\n\t\t\t<\/div>\n\t\t\t\n\t\t\t\t\t\t<div class=\"elementor-icon-box-content\">\n\n\t\t\t\t\t\t\t\t\t<h3 class=\"elementor-icon-box-title\">\n\t\t\t\t\t\t<span  >\n\t\t\t\t\t\t\tPreaching\t\t\t\t\t\t<\/span>\n\t\t\t\t\t<\/h3>\n\t\t\t\t\n\t\t\t\t\t\t\t\t\t<p class=\"elementor-icon-box-description\">\n\t\t\t\t\t\tthe transforming message of Jesus Christ.\t\t\t\t\t<\/p>\n\t\t\t\t\n\t\t\t<\/div>\n\t\t\t\n\t\t<\/div>\n\t\t\t\t\t\t<\/div>\n\t\t\t\t<\/div>\n\t\t\t\t<div class=\"elementor-element elementor-element-1e438b75 elementor-position-inline-start elementor-widget__width-initial elementor-mobile-position-inline-start elementor-view-default elementor-widget elementor-widget-icon-box\" data-id=\"1e438b75\" data-element_type=\"widget\" data-e-type=\"widget\" data-widget_type=\"icon-box.default\">\n\t\t\t\t<div class=\"elementor-widget-container\">\n\t\t\t\t\t\t\t<div class=\"elementor-icon-box-wrapper\">\n\n\t\t\t\t\t\t<div class=\"elementor-icon-box-icon\">\n\t\t\t\t<span  class=\"elementor-icon\">\n\t\t\t\t<svg aria-hidden=\"true\" class=\"e-font-icon-svg e-fas-check-circle\" viewbox=\"0 0 512 512\" xmlns=\"http:\/\/www.w3.org\/2000\/svg\"><path d=\"M504 256c0 136.967-111.033 248-248 248S8 392.967 8 256 119.033 8 256 8s248 111.033 248 248zM227.314 387.314l184-184c6.248-6.248 6.248-16.379 0-22.627l-22.627-22.627c-6.248-6.249-16.379-6.249-22.628 0L216 308.118l-70.059-70.059c-6.248-6.248-16.379-6.248-22.628 0l-22.627 22.627c-6.248 6.248-6.248 16.379 0 22.627l104 104c6.249 6.249 16.379 6.249 22.628.001z\"><\/path><\/svg>\t\t\t\t<\/span>\n\t\t\t<\/div>\n\t\t\t\n\t\t\t\t\t\t<div class=\"elementor-icon-box-content\">\n\n\t\t\t\t\t\t\t\t\t<h3 class=\"elementor-icon-box-title\">\n\t\t\t\t\t\t<span  >\n\t\t\t\t\t\t\tEquipping\t\t\t\t\t\t<\/span>\n\t\t\t\t\t<\/h3>\n\t\t\t\t\n\t\t\t\t\t\t\t\t\t<p class=\"elementor-icon-box-description\">\n\t\t\t\t\t\tbelievers to grow spiritually and serve others.\t\t\t\t\t<\/p>\n\t\t\t\t\n\t\t\t<\/div>\n\t\t\t\n\t\t<\/div>\n\t\t\t\t\t\t<\/div>\n\t\t\t\t<\/div>\n\t\t\t\t<\/div>\n\t\t<div class=\"elementor-element elementor-element-43389ef0 e-con-full e-flex e-con e-child\" data-id=\"43389ef0\" data-element_type=\"container\" data-e-type=\"container\">\n\t\t\t\t<div class=\"elementor-element elementor-element-50c50227 elementor-position-inline-start elementor-widget__width-initial elementor-mobile-position-inline-start elementor-view-default elementor-widget elementor-widget-icon-box\" data-id=\"50c50227\" data-element_type=\"widget\" data-e-type=\"widget\" data-widget_type=\"icon-box.default\">\n\t\t\t\t<div class=\"elementor-widget-container\">\n\t\t\t\t\t\t\t<div class=\"elementor-icon-box-wrapper\">\n\n\t\t\t\t\t\t<div class=\"elementor-icon-box-icon\">\n\t\t\t\t<span  class=\"elementor-icon\">\n\t\t\t\t<svg aria-hidden=\"true\" class=\"e-font-icon-svg e-fas-check-circle\" viewbox=\"0 0 512 512\" xmlns=\"http:\/\/www.w3.org\/2000\/svg\"><path d=\"M504 256c0 136.967-111.033 248-248 248S8 392.967 8 256 119.033 8 256 8s248 111.033 248 248zM227.314 387.314l184-184c6.248-6.248 6.248-16.379 0-22.627l-22.627-22.627c-6.248-6.249-16.379-6.249-22.628 0L216 308.118l-70.059-70.059c-6.248-6.248-16.379-6.248-22.628 0l-22.627 22.627c-6.248 6.248-6.248 16.379 0 22.627l104 104c6.249 6.249 16.379 6.249 22.628.001z\"><\/path><\/svg>\t\t\t\t<\/span>\n\t\t\t<\/div>\n\t\t\t\n\t\t\t\t\t\t<div class=\"elementor-icon-box-content\">\n\n\t\t\t\t\t\t\t\t\t<h3 class=\"elementor-icon-box-title\">\n\t\t\t\t\t\t<span  >\n\t\t\t\t\t\t\tCreating\t\t\t\t\t\t<\/span>\n\t\t\t\t\t<\/h3>\n\t\t\t\t\n\t\t\t\t\t\t\t\t\t<p class=\"elementor-icon-box-description\">\n\t\t\t\t\t\ta welcoming church where everyone feels at home.\t\t\t\t\t<\/p>\n\t\t\t\t\n\t\t\t<\/div>\n\t\t\t\n\t\t<\/div>\n\t\t\t\t\t\t<\/div>\n\t\t\t\t<\/div>\n\t\t\t\t<div class=\"elementor-element elementor-element-ccf34ab elementor-position-inline-start elementor-widget__width-initial elementor-mobile-position-inline-start elementor-view-default elementor-widget elementor-widget-icon-box\" data-id=\"ccf34ab\" data-element_type=\"widget\" data-e-type=\"widget\" data-widget_type=\"icon-box.default\">\n\t\t\t\t<div class=\"elementor-widget-container\">\n\t\t\t\t\t\t\t<div class=\"elementor-icon-box-wrapper\">\n\n\t\t\t\t\t\t<div class=\"elementor-icon-box-icon\">\n\t\t\t\t<span  class=\"elementor-icon\">\n\t\t\t\t<svg aria-hidden=\"true\" class=\"e-font-icon-svg e-fas-check-circle\" viewbox=\"0 0 512 512\" xmlns=\"http:\/\/www.w3.org\/2000\/svg\"><path d=\"M504 256c0 136.967-111.033 248-248 248S8 392.967 8 256 119.033 8 256 8s248 111.033 248 248zM227.314 387.314l184-184c6.248-6.248 6.248-16.379 0-22.627l-22.627-22.627c-6.248-6.249-16.379-6.249-22.628 0L216 308.118l-70.059-70.059c-6.248-6.248-16.379-6.248-22.628 0l-22.627 22.627c-6.248 6.248-6.248 16.379 0 22.627l104 104c6.249 6.249 16.379 6.249 22.628.001z\"><\/path><\/svg>\t\t\t\t<\/span>\n\t\t\t<\/div>\n\t\t\t\n\t\t\t\t\t\t<div class=\"elementor-icon-box-content\">\n\n\t\t\t\t\t\t\t\t\t<h3 class=\"elementor-icon-box-title\">\n\t\t\t\t\t\t<span  >\n\t\t\t\t\t\t\tLeading\t\t\t\t\t\t<\/span>\n\t\t\t\t\t<\/h3>\n\t\t\t\t\n\t\t\t\t\t\t\t\t\t<p class=\"elementor-icon-box-description\">\n\t\t\t\t\t\twith wisdom, integrity, and passion for the Kingdom of God.\t\t\t\t\t<\/p>\n\t\t\t\t\n\t\t\t<\/div>\n\t\t\t\n\t\t<\/div>\n\t\t\t\t\t\t<\/div>\n\t\t\t\t<\/div>\n\t\t\t\t<\/div>\n\t\t\t\t\t<\/div>\n\t\t\t\t<\/div>\n\t\t<div class=\"elementor-element elementor-element-25496f9 e-flex e-con-boxed e-con e-parent\" data-id=\"25496f9\" data-element_type=\"container\" data-e-type=\"container\">\n\t\t\t\t\t<div class=\"e-con-inner\">\n\t\t\t\t<div class=\"elementor-element elementor-element-8a54b61 elementor-widget elementor-widget-spacer\" data-id=\"8a54b61\" data-element_type=\"widget\" data-e-type=\"widget\" data-widget_type=\"spacer.default\">\n\t\t\t\t<div class=\"elementor-widget-container\">\n\t\t\t\t\t\t\t<div class=\"elementor-spacer\">\n\t\t\t<div class=\"elementor-spacer-inner\"><\/div>\n\t\t<\/div>\n\t\t\t\t\t\t<\/div>\n\t\t\t\t<\/div>\n\t\t\t\t<div class=\"elementor-element elementor-element-40e3f88 elementor-widget-divider--view-line elementor-widget elementor-widget-divider\" data-id=\"40e3f88\" data-element_type=\"widget\" data-e-type=\"widget\" data-widget_type=\"divider.default\">\n\t\t\t\t<div class=\"elementor-widget-container\">\n\t\t\t\t\t\t\t<div class=\"elementor-divider\">\n\t\t\t<span class=\"elementor-divider-separator\">\n\t\t\t\t\t\t<\/span>\n\t\t<\/div>\n\t\t\t\t\t\t<\/div>\n\t\t\t\t<\/div>\n\t\t\t\t\t<\/div>\n\t\t\t\t<\/div>\n\t\t<div class=\"elementor-element elementor-element-470ab7f e-flex e-con-boxed e-con e-parent\" data-id=\"470ab7f\" data-element_type=\"container\" data-e-type=\"container\" data-settings=\"{&quot;background_background&quot;:&quot;classic&quot;}\">\n\t\t\t\t\t<div class=\"e-con-inner\">\n\t\t<div class=\"elementor-element elementor-element-9d75c88 e-con-full e-flex e-con e-child\" data-id=\"9d75c88\" data-element_type=\"container\" data-e-type=\"container\">\n\t\t\t\t<div class=\"elementor-element elementor-element-76eb93b elementor-widget elementor-widget-image\" data-id=\"76eb93b\" data-element_type=\"widget\" data-e-type=\"widget\" data-widget_type=\"image.default\">\n\t\t\t\t<div class=\"elementor-widget-container\">\n\t\t\t\t\t\t\t\t\t\t\t\t\t\t\t<img decoding=\"async\" width=\"1536\" height=\"2048\" src=\"https:\/\/i0.wp.com\/centrodeamistad.org\/wp-content\/uploads\/2025\/02\/samano-family.jpg?fit=1536%2C2048&amp;ssl=1\" class=\"attachment-full size-full wp-image-4795\" alt=\"\" srcset=\"https:\/\/i0.wp.com\/centrodeamistad.org\/wp-content\/uploads\/2025\/02\/samano-family.jpg?w=1536&amp;ssl=1 1536w, https:\/\/i0.wp.com\/centrodeamistad.org\/wp-content\/uploads\/2025\/02\/samano-family.jpg?resize=225%2C300&amp;ssl=1 225w, https:\/\/i0.wp.com\/centrodeamistad.org\/wp-content\/uploads\/2025\/02\/samano-family.jpg?resize=768%2C1024&amp;ssl=1 768w, https:\/\/i0.wp.com\/centrodeamistad.org\/wp-content\/uploads\/2025\/02\/samano-family.jpg?resize=1152%2C1536&amp;ssl=1 1152w\" sizes=\"(max-width: 1200px) 100vw, 1200px\" data-attachment-id=\"4795\" data-permalink=\"https:\/\/centrodeamistad.org\/sobre-nosotros\/pastor\/samano-family\/\" data-orig-file=\"https:\/\/i0.wp.com\/centrodeamistad.org\/wp-content\/uploads\/2025\/02\/samano-family.jpg?fit=1536%2C2048&amp;ssl=1\" data-orig-size=\"1536,2048\" data-comments-opened=\"1\" data-image-meta=\"{&quot;aperture&quot;:&quot;0&quot;,&quot;credit&quot;:&quot;&quot;,&quot;camera&quot;:&quot;&quot;,&quot;caption&quot;:&quot;&quot;,&quot;created_timestamp&quot;:&quot;0&quot;,&quot;copyright&quot;:&quot;&quot;,&quot;focal_length&quot;:&quot;0&quot;,&quot;iso&quot;:&quot;0&quot;,&quot;shutter_speed&quot;:&quot;0&quot;,&quot;title&quot;:&quot;&quot;,&quot;orientation&quot;:&quot;0&quot;}\" data-image-title=\"samano-family\" data-image-description=\"\" data-image-caption=\"\" data-large-file=\"https:\/\/i0.wp.com\/centrodeamistad.org\/wp-content\/uploads\/2025\/02\/samano-family.jpg?fit=768%2C1024&amp;ssl=1\" \/>\t\t\t\t\t\t\t\t\t\t\t\t\t\t\t<\/div>\n\t\t\t\t<\/div>\n\t\t\t\t<\/div>\n\t\t<div class=\"elementor-element elementor-element-73f8136 e-con-full e-flex e-con e-child\" data-id=\"73f8136\" data-element_type=\"container\" data-e-type=\"container\">\n\t\t\t\t<div class=\"elementor-element elementor-element-cc5ab63 elementor-widget elementor-widget-spacer\" data-id=\"cc5ab63\" data-element_type=\"widget\" data-e-type=\"widget\" data-widget_type=\"spacer.default\">\n\t\t\t\t<div class=\"elementor-widget-container\">\n\t\t\t\t\t\t\t<div class=\"elementor-spacer\">\n\t\t\t<div class=\"elementor-spacer-inner\"><\/div>\n\t\t<\/div>\n\t\t\t\t\t\t<\/div>\n\t\t\t\t<\/div>\n\t\t\t\t<div class=\"elementor-element elementor-element-1c7212e elementor-widget elementor-widget-heading\" data-id=\"1c7212e\" data-element_type=\"widget\" data-e-type=\"widget\" data-widget_type=\"heading.default\">\n\t\t\t\t<div class=\"elementor-widget-container\">\n\t\t\t\t\t<h3 class=\"elementor-heading-title elementor-size-default\">The Heart Behind the Leader<\/h3>\t\t\t\t<\/div>\n\t\t\t\t<\/div>\n\t\t\t\t<div class=\"elementor-element elementor-element-e01b110 elementor-widget elementor-widget-heading\" data-id=\"e01b110\" data-element_type=\"widget\" data-e-type=\"widget\" data-widget_type=\"heading.default\">\n\t\t\t\t<div class=\"elementor-widget-container\">\n\t\t\t\t\t<h2 class=\"elementor-heading-title elementor-size-default\">Meet the Pastoral Family<\/h2>\t\t\t\t<\/div>\n\t\t\t\t<\/div>\n\t\t\t\t<div class=\"elementor-element elementor-element-6e3297b elementor-widget elementor-widget-text-editor\" data-id=\"6e3297b\" data-element_type=\"widget\" data-e-type=\"widget\" data-widget_type=\"text-editor.default\">\n\t\t\t\t<div class=\"elementor-widget-container\">\n\t\t\t\t\t\t\t\t\t<p>Elias and his wife, Keila, reside in Sioux City, Iowa. God has blessed them with three children: Jonathan, Briana Celeste, and Giselle.<\/p>\t\t\t\t\t\t\t\t<\/div>\n\t\t\t\t<\/div>\n\t\t\t\t<\/div>\n\t\t\t\t\t<\/div>\n\t\t\t\t<\/div>\n\t\t<div class=\"elementor-element elementor-element-9702b8a e-flex e-con-boxed e-con e-parent\" data-id=\"9702b8a\" data-element_type=\"container\" data-e-type=\"container\">\n\t\t\t\t\t<div class=\"e-con-inner\">\n\t\t\t\t<div class=\"elementor-element elementor-element-84d148a elementor-widget elementor-widget-spacer\" data-id=\"84d148a\" data-element_type=\"widget\" data-e-type=\"widget\" data-widget_type=\"spacer.default\">\n\t\t\t\t<div class=\"elementor-widget-container\">\n\t\t\t\t\t\t\t<div class=\"elementor-spacer\">\n\t\t\t<div class=\"elementor-spacer-inner\"><\/div>\n\t\t<\/div>\n\t\t\t\t\t\t<\/div>\n\t\t\t\t<\/div>\n\t\t\t\t\t<\/div>\n\t\t\t\t<\/div>\n\t\t<div class=\"elementor-element elementor-element-f2edecf e-flex e-con-boxed e-con e-parent\" data-id=\"f2edecf\" data-element_type=\"container\" data-e-type=\"container\" data-settings=\"{&quot;background_background&quot;:&quot;classic&quot;}\">\n\t\t\t\t\t<div class=\"e-con-inner\">\n\t\t\t\t<div class=\"elementor-element elementor-element-49a6ecf elementor-widget elementor-widget-spacer\" data-id=\"49a6ecf\" data-element_type=\"widget\" data-e-type=\"widget\" data-widget_type=\"spacer.default\">\n\t\t\t\t<div class=\"elementor-widget-container\">\n\t\t\t\t\t\t\t<div class=\"elementor-spacer\">\n\t\t\t<div class=\"elementor-spacer-inner\"><\/div>\n\t\t<\/div>\n\t\t\t\t\t\t<\/div>\n\t\t\t\t<\/div>\n\t\t\t\t<div class=\"elementor-element elementor-element-d0b8b7e elementor-widget elementor-widget-heading\" data-id=\"d0b8b7e\" data-element_type=\"widget\" data-e-type=\"widget\" data-widget_type=\"heading.default\">\n\t\t\t\t<div class=\"elementor-widget-container\">\n\t\t\t\t\t<h2 class=\"elementor-heading-title elementor-size-default\">Join Us<\/h2>\t\t\t\t<\/div>\n\t\t\t\t<\/div>\n\t\t\t\t<div class=\"elementor-element elementor-element-0062bdc elementor-widget elementor-widget-text-editor\" data-id=\"0062bdc\" data-element_type=\"widget\" data-e-type=\"widget\" data-widget_type=\"text-editor.default\">\n\t\t\t\t<div class=\"elementor-widget-container\">\n\t\t\t\t\t\t\t\t\t<p>We invite you to experience the warmth of our church family. Whether you attend a Sunday service, a group of friends, or a prayer meeting, you will find a place to grow, feel part of the community, and be encouraged in your faith.<\/p>\t\t\t\t\t\t\t\t<\/div>\n\t\t\t\t<\/div>\n\t\t\t\t<div class=\"elementor-element elementor-element-17ffcf7 elementor-align-center elementor-widget elementor-widget-button\" data-id=\"17ffcf7\" data-element_type=\"widget\" data-e-type=\"widget\" data-widget_type=\"button.default\">\n\t\t\t\t<div class=\"elementor-widget-container\">\n\t\t\t\t\t\t\t\t\t<div class=\"elementor-button-wrapper\">\n\t\t\t\t\t<a class=\"elementor-button elementor-button-link elementor-size-sm\" href=\"https:\/\/centrodeamistad.org\/en\/planifica-visita\/\">\n\t\t\t\t\t\t<span class=\"elementor-button-content-wrapper\">\n\t\t\t\t\t\t\t\t\t<span class=\"elementor-button-text\">Plan Your Visit<\/span>\n\t\t\t\t\t<\/span>\n\t\t\t\t\t<\/a>\n\t\t\t\t<\/div>\n\t\t\t\t\t\t\t\t<\/div>\n\t\t\t\t<\/div>\n\t\t\t\t<div class=\"elementor-element elementor-element-7203778 elementor-widget elementor-widget-spacer\" data-id=\"7203778\" data-element_type=\"widget\" data-e-type=\"widget\" data-widget_type=\"spacer.default\">\n\t\t\t\t<div class=\"elementor-widget-container\">\n\t\t\t\t\t\t\t<div class=\"elementor-spacer\">\n\t\t\t<div class=\"elementor-spacer-inner\"><\/div>\n\t\t<\/div>\n\t\t\t\t\t\t<\/div>\n\t\t\t\t<\/div>\n\t\t\t\t\t<\/div>\n\t\t\t\t<\/div>\n\t\t\t\t<\/div>","protected":false},"excerpt":{"rendered":"<p>LIDERANDO CON FE, AMOR Y PROPOSITO Conozca a nuestro pastor, un l\u00edder dedicado con un coraz\u00f3n para Dios, una pasi\u00f3n por su pueblo y una visi\u00f3n para inspirar la transformaci\u00f3n. [&hellip;]<\/p>\n","protected":false},"author":261062103,"featured_media":0,"parent":3785,"menu_order":0,"comment_status":"closed","ping_status":"closed","template":"","meta":{"site-sidebar-layout":"default","site-content-layout":"","ast-site-content-layout":"default","site-content-style":"default","site-sidebar-style":"default","ast-global-header-display":"","ast-banner-title-visibility":"","ast-main-header-display":"","ast-hfb-above-header-display":"","ast-hfb-below-header-display":"","ast-hfb-mobile-header-display":"","site-post-title":"","ast-breadcrumbs-content":"","ast-featured-img":"","footer-sml-layout":"","theme-transparent-header-meta":"","adv-header-id-meta":"","stick-header-meta":"","header-above-stick-meta":"","header-main-stick-meta":"","header-below-stick-meta":"","astra-migrate-meta-layouts":"set","ast-page-background-enabled":"default","ast-page-background-meta":{"desktop":{"background-color":"","background-image":"","background-repeat":"repeat","background-position":"center center","background-size":"auto","background-attachment":"scroll","background-type":"","background-media":"","overlay-type":"","overlay-color":"","overlay-opacity":"","overlay-gradient":""},"tablet":{"background-color":"","background-image":"","background-repeat":"repeat","background-position":"center center","background-size":"auto","background-attachment":"scroll","background-type":"","background-media":"","overlay-type":"","overlay-color":"","overlay-opacity":"","overlay-gradient":""},"mobile":{"background-color":"","background-image":"","background-repeat":"repeat","background-position":"center center","background-size":"auto","background-attachment":"scroll","background-type":"","background-media":"","overlay-type":"","overlay-color":"","overlay-opacity":"","overlay-gradient":""}},"ast-content-background-meta":{"desktop":{"background-color":"var(--ast-global-color-5)","background-image":"","background-repeat":"repeat","background-position":"center center","background-size":"auto","background-attachment":"scroll","background-type":"","background-media":"","overlay-type":"","overlay-color":"","overlay-opacity":"","overlay-gradient":""},"tablet":{"background-color":"var(--ast-global-color-5)","background-image":"","background-repeat":"repeat","background-position":"center center","background-size":"auto","background-attachment":"scroll","background-type":"","background-media":"","overlay-type":"","overlay-color":"","overlay-opacity":"","overlay-gradient":""},"mobile":{"background-color":"var(--ast-global-color-5)","background-image":"","background-repeat":"repeat","background-position":"center center","background-size":"auto","background-attachment":"scroll","background-type":"","background-media":"","overlay-type":"","overlay-color":"","overlay-opacity":"","overlay-gradient":""}},"_wpcom_ai_launchpad_about_page":false,"_wpcom_ai_launchpad_gallery_page":false,"_wpcom_ai_launchpad_contact_page":false,"_wpcom_ai_launchpad_events_page":false,"_wpcom_ai_launchpad_video_page":false,"_wpcom_ai_launchpad_portfolio_piece":false,"footnotes":""},"class_list":["post-4706","page","type-page","status-publish","hentry"],"yoast_head":"<!-- This site is optimized with the Yoast SEO plugin v28.3 - https:\/\/yoast.com\/product\/yoast-seo-wordpress\/ -->\n<title>Conoce Nuestro Pastor - Centro de Amistad Cristiana<\/title>\n<meta name=\"robots\" content=\"index, follow, max-snippet:-1, max-image-preview:large, max-video-preview:-1\" \/>\n<link rel=\"canonical\" href=\"https:\/\/centrodeamistad.org\/en\/sobre-nosotros\/pastor\/\" \/>\n<meta property=\"og:locale\" content=\"en_US\" \/>\n<meta property=\"og:type\" content=\"article\" \/>\n<meta property=\"og:title\" content=\"Conoce Nuestro Pastor - Centro de Amistad Cristiana\" \/>\n<meta property=\"og:description\" content=\"LIDERANDO CON FE, AMOR Y PROPOSITO Conozca a nuestro pastor, un l\u00edder dedicado con un coraz\u00f3n para Dios, una pasi\u00f3n por su pueblo y una visi\u00f3n para inspirar la transformaci\u00f3n. [&hellip;]\" \/>\n<meta property=\"og:url\" content=\"https:\/\/centrodeamistad.org\/en\/sobre-nosotros\/pastor\/\" \/>\n<meta property=\"og:site_name\" content=\"Centro de Amistad Cristiana\" \/>\n<meta property=\"article:modified_time\" content=\"2026-03-11T22:40:46+00:00\" \/>\n<meta property=\"og:image\" content=\"https:\/\/centrodeamistad.org\/wp-content\/uploads\/2026\/03\/img_0089-2.jpg\" \/>\n<meta name=\"twitter:card\" content=\"summary_large_image\" \/>\n<meta name=\"twitter:label1\" content=\"Est. reading time\" \/>\n\t<meta name=\"twitter:data1\" content=\"3 minutes\" \/>\n<script type=\"application\/ld+json\" class=\"yoast-schema-graph\">{\"@context\":\"https:\\\/\\\/schema.org\",\"@graph\":[{\"@type\":\"WebPage\",\"@id\":\"https:\\\/\\\/centrodeamistad.org\\\/sobre-nosotros\\\/pastor\\\/\",\"url\":\"https:\\\/\\\/centrodeamistad.org\\\/sobre-nosotros\\\/pastor\\\/\",\"name\":\"Conoce Nuestro Pastor - Centro de Amistad Cristiana\",\"isPartOf\":{\"@id\":\"https:\\\/\\\/centrodeamistad.org\\\/#website\"},\"primaryImageOfPage\":{\"@id\":\"https:\\\/\\\/centrodeamistad.org\\\/sobre-nosotros\\\/pastor\\\/#primaryimage\"},\"image\":{\"@id\":\"https:\\\/\\\/centrodeamistad.org\\\/sobre-nosotros\\\/pastor\\\/#primaryimage\"},\"thumbnailUrl\":\"https:\\\/\\\/centrodeamistad.org\\\/wp-content\\\/uploads\\\/2026\\\/03\\\/img_0089-2.jpg\",\"datePublished\":\"2025-01-30T21:27:18+00:00\",\"dateModified\":\"2026-03-11T22:40:46+00:00\",\"breadcrumb\":{\"@id\":\"https:\\\/\\\/centrodeamistad.org\\\/sobre-nosotros\\\/pastor\\\/#breadcrumb\"},\"inLanguage\":\"en-US\",\"potentialAction\":[{\"@type\":\"ReadAction\",\"target\":[\"https:\\\/\\\/centrodeamistad.org\\\/sobre-nosotros\\\/pastor\\\/\"]}]},{\"@type\":\"ImageObject\",\"inLanguage\":\"en-US\",\"@id\":\"https:\\\/\\\/centrodeamistad.org\\\/sobre-nosotros\\\/pastor\\\/#primaryimage\",\"url\":\"https:\\\/\\\/centrodeamistad.org\\\/wp-content\\\/uploads\\\/2026\\\/03\\\/img_0089-2.jpg\",\"contentUrl\":\"https:\\\/\\\/centrodeamistad.org\\\/wp-content\\\/uploads\\\/2026\\\/03\\\/img_0089-2.jpg\"},{\"@type\":\"BreadcrumbList\",\"@id\":\"https:\\\/\\\/centrodeamistad.org\\\/sobre-nosotros\\\/pastor\\\/#breadcrumb\",\"itemListElement\":[{\"@type\":\"ListItem\",\"position\":1,\"name\":\"Home\",\"item\":\"https:\\\/\\\/centrodeamistad.org\\\/\"},{\"@type\":\"ListItem\",\"position\":2,\"name\":\"Sobre Nosotros\",\"item\":\"https:\\\/\\\/centrodeamistad.org\\\/sobre-nosotros\\\/\"},{\"@type\":\"ListItem\",\"position\":3,\"name\":\"Conoce Nuestro Pastor\"}]},{\"@type\":\"WebSite\",\"@id\":\"https:\\\/\\\/centrodeamistad.org\\\/#website\",\"url\":\"https:\\\/\\\/centrodeamistad.org\\\/\",\"name\":\"Centro de Amistad Cristiana\",\"description\":\"\",\"publisher\":{\"@id\":\"https:\\\/\\\/centrodeamistad.org\\\/#organization\"},\"potentialAction\":[{\"@type\":\"SearchAction\",\"target\":{\"@type\":\"EntryPoint\",\"urlTemplate\":\"https:\\\/\\\/centrodeamistad.org\\\/?s={search_term_string}\"},\"query-input\":{\"@type\":\"PropertyValueSpecification\",\"valueRequired\":true,\"valueName\":\"search_term_string\"}}],\"inLanguage\":\"en-US\"},{\"@type\":\"Organization\",\"@id\":\"https:\\\/\\\/centrodeamistad.org\\\/#organization\",\"name\":\"Centro de Amistad Cristiana\",\"url\":\"https:\\\/\\\/centrodeamistad.org\\\/\",\"logo\":{\"@type\":\"ImageObject\",\"inLanguage\":\"en-US\",\"@id\":\"https:\\\/\\\/centrodeamistad.org\\\/#\\\/schema\\\/logo\\\/image\\\/\",\"url\":\"https:\\\/\\\/i0.wp.com\\\/centrodeamistad.org\\\/wp-content\\\/uploads\\\/2025\\\/01\\\/logo-horizontal-e1737654860567.png?fit=1213%2C442&ssl=1\",\"contentUrl\":\"https:\\\/\\\/i0.wp.com\\\/centrodeamistad.org\\\/wp-content\\\/uploads\\\/2025\\\/01\\\/logo-horizontal-e1737654860567.png?fit=1213%2C442&ssl=1\",\"width\":1213,\"height\":442,\"caption\":\"Centro de Amistad Cristiana\"},\"image\":{\"@id\":\"https:\\\/\\\/centrodeamistad.org\\\/#\\\/schema\\\/logo\\\/image\\\/\"}}]}<\/script>\n<!-- \/ Yoast SEO plugin. -->","yoast_head_json":{"title":"Conoce Nuestro Pastor - Centro de Amistad Cristiana","robots":{"index":"index","follow":"follow","max-snippet":"max-snippet:-1","max-image-preview":"max-image-preview:large","max-video-preview":"max-video-preview:-1"},"canonical":"https:\/\/centrodeamistad.org\/en\/sobre-nosotros\/pastor\/","og_locale":"en_US","og_type":"article","og_title":"Conoce Nuestro Pastor - Centro de Amistad Cristiana","og_description":"LIDERANDO CON FE, AMOR Y PROPOSITO Conozca a nuestro pastor, un l\u00edder dedicado con un coraz\u00f3n para Dios, una pasi\u00f3n por su pueblo y una visi\u00f3n para inspirar la transformaci\u00f3n. [&hellip;]","og_url":"https:\/\/centrodeamistad.org\/en\/sobre-nosotros\/pastor\/","og_site_name":"Centro de Amistad Cristiana","article_modified_time":"2026-03-11T22:40:46+00:00","og_image":[{"url":"https:\/\/centrodeamistad.org\/wp-content\/uploads\/2026\/03\/img_0089-2.jpg","type":"","width":"","height":""}],"twitter_card":"summary_large_image","twitter_misc":{"Est. reading time":"3 minutes"},"schema":{"@context":"https:\/\/schema.org","@graph":[{"@type":"WebPage","@id":"https:\/\/centrodeamistad.org\/sobre-nosotros\/pastor\/","url":"https:\/\/centrodeamistad.org\/sobre-nosotros\/pastor\/","name":"Conoce Nuestro Pastor - Centro de Amistad Cristiana","isPartOf":{"@id":"https:\/\/centrodeamistad.org\/#website"},"primaryImageOfPage":{"@id":"https:\/\/centrodeamistad.org\/sobre-nosotros\/pastor\/#primaryimage"},"image":{"@id":"https:\/\/centrodeamistad.org\/sobre-nosotros\/pastor\/#primaryimage"},"thumbnailUrl":"https:\/\/centrodeamistad.org\/wp-content\/uploads\/2026\/03\/img_0089-2.jpg","datePublished":"2025-01-30T21:27:18+00:00","dateModified":"2026-03-11T22:40:46+00:00","breadcrumb":{"@id":"https:\/\/centrodeamistad.org\/sobre-nosotros\/pastor\/#breadcrumb"},"inLanguage":"en-US","potentialAction":[{"@type":"ReadAction","target":["https:\/\/centrodeamistad.org\/sobre-nosotros\/pastor\/"]}]},{"@type":"ImageObject","inLanguage":"en-US","@id":"https:\/\/centrodeamistad.org\/sobre-nosotros\/pastor\/#primaryimage","url":"https:\/\/centrodeamistad.org\/wp-content\/uploads\/2026\/03\/img_0089-2.jpg","contentUrl":"https:\/\/centrodeamistad.org\/wp-content\/uploads\/2026\/03\/img_0089-2.jpg"},{"@type":"BreadcrumbList","@id":"https:\/\/centrodeamistad.org\/sobre-nosotros\/pastor\/#breadcrumb","itemListElement":[{"@type":"ListItem","position":1,"name":"Home","item":"https:\/\/centrodeamistad.org\/"},{"@type":"ListItem","position":2,"name":"Sobre Nosotros","item":"https:\/\/centrodeamistad.org\/sobre-nosotros\/"},{"@type":"ListItem","position":3,"name":"Conoce Nuestro Pastor"}]},{"@type":"WebSite","@id":"https:\/\/centrodeamistad.org\/#website","url":"https:\/\/centrodeamistad.org\/","name":"Centro de Amistad Cristiana","description":"","publisher":{"@id":"https:\/\/centrodeamistad.org\/#organization"},"potentialAction":[{"@type":"SearchAction","target":{"@type":"EntryPoint","urlTemplate":"https:\/\/centrodeamistad.org\/?s={search_term_string}"},"query-input":{"@type":"PropertyValueSpecification","valueRequired":true,"valueName":"search_term_string"}}],"inLanguage":"en-US"},{"@type":"Organization","@id":"https:\/\/centrodeamistad.org\/#organization","name":"Centro de Amistad Cristiana","url":"https:\/\/centrodeamistad.org\/","logo":{"@type":"ImageObject","inLanguage":"en-US","@id":"https:\/\/centrodeamistad.org\/#\/schema\/logo\/image\/","url":"https:\/\/i0.wp.com\/centrodeamistad.org\/wp-content\/uploads\/2025\/01\/logo-horizontal-e1737654860567.png?fit=1213%2C442&ssl=1","contentUrl":"https:\/\/i0.wp.com\/centrodeamistad.org\/wp-content\/uploads\/2025\/01\/logo-horizontal-e1737654860567.png?fit=1213%2C442&ssl=1","width":1213,"height":442,"caption":"Centro de Amistad Cristiana"},"image":{"@id":"https:\/\/centrodeamistad.org\/#\/schema\/logo\/image\/"}}]}},"jetpack_likes_enabled":true,"jetpack_sharing_enabled":true,"jetpack_shortlink":"https:\/\/wp.me\/PgiYxv-1dU","jetpack-related-posts":[{"id":3785,"url":"https:\/\/centrodeamistad.org\/en\/sobre-nosotros\/","url_meta":{"origin":4706,"position":0},"title":"About Us","author":"centrodeamistad2014","date":"January 23, 2025","format":false,"excerpt":"DESCUBRE EL CORAZ\u00d3N DE NUESTRA IGLESIA Conozca nuestra misi\u00f3n, valores y vibrante comunidad. Un lugar para pertenecer, creer y crecer Bienvenidos a Centro de Amistad Cristiana \u00a1Bienvenidos al Centro de Amistad Cristiana! Somos una comunidad vibrante y acogedora donde las personas pueden encontrar un lugar donde pertenecer, crecer en su\u2026","rel":"","context":"Similar post","block_context":{"text":"Similar post","link":""},"img":{"alt_text":"","src":"https:\/\/i0.wp.com\/centrodeamistad.org\/wp-content\/uploads\/2025\/03\/pastor-samano.jpg?resize=350%2C200&ssl=1","width":350,"height":200,"srcset":"https:\/\/i0.wp.com\/centrodeamistad.org\/wp-content\/uploads\/2025\/03\/pastor-samano.jpg?resize=350%2C200&ssl=1 1x, https:\/\/i0.wp.com\/centrodeamistad.org\/wp-content\/uploads\/2025\/03\/pastor-samano.jpg?resize=525%2C300&ssl=1 1.5x, https:\/\/i0.wp.com\/centrodeamistad.org\/wp-content\/uploads\/2025\/03\/pastor-samano.jpg?resize=700%2C400&ssl=1 2x"},"classes":[]},{"id":4703,"url":"https:\/\/centrodeamistad.org\/en\/sobre-nosotros\/historia\/","url_meta":{"origin":4706,"position":1},"title":"Our History","author":"centrodeamistad2014","date":"January 30, 2025","format":false,"excerpt":"UN LEGADO DE FE Y COMUNIDAD Descubra nuestra historia construida sobre la fe, creciendo en comunidad y comprometidos a compartir el amor de Dios. Humildes Comienzos Fundada con una Visi\u00f3n Dada por DiosNuestra Historia La iglesia de Sioux City comenz\u00f3 como una congregaci\u00f3n independiente a mediados del a\u00f1o 2000, cuando\u2026","rel":"","context":"Similar post","block_context":{"text":"Similar post","link":""},"img":{"alt_text":"","src":"https:\/\/i0.wp.com\/centrodeamistad.org\/wp-content\/uploads\/2026\/03\/img_0013.jpg?resize=350%2C200&ssl=1","width":350,"height":200,"srcset":"https:\/\/i0.wp.com\/centrodeamistad.org\/wp-content\/uploads\/2026\/03\/img_0013.jpg?resize=350%2C200&ssl=1 1x, https:\/\/i0.wp.com\/centrodeamistad.org\/wp-content\/uploads\/2026\/03\/img_0013.jpg?resize=525%2C300&ssl=1 1.5x, https:\/\/i0.wp.com\/centrodeamistad.org\/wp-content\/uploads\/2026\/03\/img_0013.jpg?resize=700%2C400&ssl=1 2x, https:\/\/i0.wp.com\/centrodeamistad.org\/wp-content\/uploads\/2026\/03\/img_0013.jpg?resize=1050%2C600&ssl=1 3x, https:\/\/i0.wp.com\/centrodeamistad.org\/wp-content\/uploads\/2026\/03\/img_0013.jpg?resize=1400%2C800&ssl=1 4x"},"classes":[]},{"id":4595,"url":"https:\/\/centrodeamistad.org\/en\/sobre-nosotros\/mision-vision\/","url_meta":{"origin":4706,"position":2},"title":"Mission and Vision","author":"centrodeamistad2014","date":"January 30, 2025","format":false,"excerpt":"FORTALECIDOS POR LA FE, COMPROMETIDOS CON EL EVANGELIO Llamado a alcanzar a los perdidos, discipular a los creyentes e impactar al mundo con el amor de Cristo. Nuestra Misi\u00f3n Sharing the Gospel, Equipping Disciples, Impacting the World En el Centro de Amistad Cristiana, nuestra misi\u00f3n es clara: proclamar el Evangelio\u2026","rel":"","context":"Similar post","block_context":{"text":"Similar post","link":""},"img":{"alt_text":"","src":"","width":0,"height":0},"classes":[]},{"id":4488,"url":"https:\/\/centrodeamistad.org\/en\/sobre-nosotros\/quienes-somos\/","url_meta":{"origin":4706,"position":3},"title":"Who We Are","author":"centrodeamistad2014","date":"January 30, 2025","format":false,"excerpt":"MAS QUE UNA IGLESIA Somos m\u00e1s que una iglesia: somos una familia de creyentes unidos por la fe, el amor y el compromiso de servir a Dios. Quienes Somos Comunidad Centrada en Cristo Como parte de la Asamblea Apost\u00f3lica, nos dedicamos a difundir el Evangelio, hacer disc\u00edpulos y construir una\u2026","rel":"","context":"Similar post","block_context":{"text":"Similar post","link":""},"img":{"alt_text":"","src":"https:\/\/i0.wp.com\/centrodeamistad.org\/wp-content\/uploads\/2025\/01\/apostolic-assembly.jpg?resize=350%2C200&ssl=1","width":350,"height":200,"srcset":"https:\/\/i0.wp.com\/centrodeamistad.org\/wp-content\/uploads\/2025\/01\/apostolic-assembly.jpg?resize=350%2C200&ssl=1 1x, https:\/\/i0.wp.com\/centrodeamistad.org\/wp-content\/uploads\/2025\/01\/apostolic-assembly.jpg?resize=525%2C300&ssl=1 1.5x"},"classes":[]},{"id":4642,"url":"https:\/\/centrodeamistad.org\/en\/sobre-nosotros\/creencias\/","url_meta":{"origin":4706,"position":4},"title":"What We Believe","author":"centrodeamistad2014","date":"January 30, 2025","format":false,"excerpt":"FIRMES EN LA FE, GUIADOS POR LA PALABRA DE DIOS Estamos profundamente arraigados en los principios doctrinales de la Asamblea Apost\u00f3lica de la Fe en Cristo Jes\u00fas. Lo que Creemos Principios de la Asamblea Apost\u00f3lica En el Centro de Amistad Cristiana, nuestras creencias est\u00e1n profundamente arraigadas en los principios doctrinales\u2026","rel":"","context":"Similar post","block_context":{"text":"Similar post","link":""},"img":{"alt_text":"","src":"","width":0,"height":0},"classes":[]}],"_links":{"self":[{"href":"https:\/\/centrodeamistad.org\/en\/wp-json\/wp\/v2\/pages\/4706","targetHints":{"allow":["GET"]}}],"collection":[{"href":"https:\/\/centrodeamistad.org\/en\/wp-json\/wp\/v2\/pages"}],"about":[{"href":"https:\/\/centrodeamistad.org\/en\/wp-json\/wp\/v2\/types\/page"}],"author":[{"embeddable":true,"href":"https:\/\/centrodeamistad.org\/en\/wp-json\/wp\/v2\/users\/261062103"}],"replies":[{"embeddable":true,"href":"https:\/\/centrodeamistad.org\/en\/wp-json\/wp\/v2\/comments?post=4706"}],"version-history":[{"count":74,"href":"https:\/\/centrodeamistad.org\/en\/wp-json\/wp\/v2\/pages\/4706\/revisions"}],"predecessor-version":[{"id":6225,"href":"https:\/\/centrodeamistad.org\/en\/wp-json\/wp\/v2\/pages\/4706\/revisions\/6225"}],"up":[{"embeddable":true,"href":"https:\/\/centrodeamistad.org\/en\/wp-json\/wp\/v2\/pages\/3785"}],"wp:attachment":[{"href":"https:\/\/centrodeamistad.org\/en\/wp-json\/wp\/v2\/media?parent=4706"}],"curies":[{"name":"wp","href":"https:\/\/api.w.org\/{rel}","templated":true}]}}